{"id":2640,"date":"2017-01-10T17:39:29","date_gmt":"2017-01-10T16:39:29","guid":{"rendered":"http:\/\/www.idyllium.it\/idyllium\/?page_id=2640"},"modified":"2024-01-23T22:16:31","modified_gmt":"2024-01-23T21:16:31","slug":"amilcar-suarez","status":"publish","type":"page","link":"https:\/\/www.idyllium.it\/index.php\/artisti\/amilcar-suarez\/","title":{"rendered":"Amilcar Suarez &#038; Salsa Matriz"},"content":{"rendered":"<p style=\"text-align: justify;\"><img loading=\"lazy\" decoding=\"async\" class=\"alignleft size-medium\" src=\"http:\/\/www.idyllium.it\/images\/Amilcar%20Suarez%20y%20salsa%20Matriz.jpg\" alt=\"\" width=\"225\" height=\"300\" \/>Comenz\u00f3 sus inquietudes musicales desde muy temprana edad y no fue hasta los 14 a\u00f1os que ingres\u00f3 en la escuelade m\u00fasica Lauro Fuentes en la especialidad de saxof\u00f3n, teniendo tambi\u00e9n grandes inclinaciones por la percusi\u00f3n. Estuvo en esta escuela 4 a\u00f1os hasta graduarse de nivel elemental, en el transcurso de los cuales obtuvo diversos premios en concursos como el Amadeo Rold\u00e1n, el Lauro Fuentes, Concurso de M\u00fasica de C\u00e1mara, Concurso de M\u00fasica Latinoamericana entre otros, luego de hacer un riguroso examen pas\u00f3 al nivel medio superior en el prestigioso conservatorio de Stgo. de Cuba Esteban Salas, donde luego de estudiar 4 a\u00f1os m\u00e1s se gradu\u00f3 de saxofonista concertino, profesor de saxof\u00f3n, pr\u00e1ctica y direcci\u00f3n de conjunto. En el segundo a\u00f1o del nivel elemental comenz\u00f3 conjuntamente con el saxof\u00f3n a estudiar piano complementario hasta graduarse del conservatorio, lo cual le fue muy beneficioso para su carrera de compositor y arreglista. Desde principios de su vida como estudiante de la m\u00fasica, se inclin\u00f3 por el Jazz y la m\u00fasica cubana, ya que la m\u00fasica cl\u00e1sica no le gustaba pero era importante graduarse, obtener el t\u00edtulo y la t\u00e9cnica de instrumento.<br \/>\nComo aficionado estuvo en el grupo Chicos Impacto del Palacio Provincial de Pioneros de Stgo. del cual guarda los m\u00e1s gratos recuerdos de su infancia y adolescencia, luego integr\u00f3 la Banda Afro-Caribe como saxofonista y director musical, en el cual tuvo la oportunidad de realizar un trabajo experimental sobre la m\u00fasica Afro-Caribe\u00f1a que le permiti\u00f3 tener un amplio conocimiento de estas 2 culturas, despu\u00e9s fund\u00f3 el grupo Conexi\u00f3n Latina, donde realizaba un trabajo sobre la salsa cubana. Empez\u00f3 su vida profesional luego de graduarse del conservatorio en el Grupo Granma en el cual madur\u00f3 su profesionalidad y tuvo la oportunidad de ser director musical de esta prestigiosa agrupaci\u00f3nde Stgo. de Cuba y desarrollarse como compositor y arreglista, luego de 3 a\u00f1os en esta agrupaci\u00f3n regresa ya como profesional al grupo Conexi\u00f3n Latina donde luego de estar un a\u00f1o en esta funda su propia orquesta con m\u00fasicos de esta misma quesiguieron para hacer un trabajo nuevo y novedoso que bajo las tendencias del nuevo espectro musical que acontec\u00eda en Cuba decidi\u00f3 llamar AMILCAR SU\u00c1REZ y su SALSA MATRIZ . Entre sus composiciones se encuentran g\u00e9neros como la salsa, el son, el cha cha ch\u00e1, la balada y el merengue los cuales forman parte del repertorio de SALSA MATRIZ.<br \/>\nPREMIOS: Desde su creaci\u00f3n, Salsa Matriz como reconocimiento a la calidad de su musica ha venido cosechando varios lauros&#8230; Gran Premio del &#8220;FESTIVAL LATINOAMERICANO&#8221; del Conservatorio Esteban Salas, 2001 Premio de la Popularidad &#8220;FESTIVAL DE ORIGEN CARIBE\u00d1O&#8221; Santiago de Cuba,2002 Premio de la popularidad en el &#8220;SON M\u00c1S LARGO DEL MUNDO&#8221; Holguin 2003<br \/>\nSalsa Matriz, colectivo de 12 m\u00fasicos con 30 a\u00f1os de edad promedio,con un formato jazz band al mando de Amilcar Suarez, fundada por este el 1ro. de Enero del a\u00f1o 2002, Salsa Matriz incursiona con toda profesionalidad musical en el g\u00e9nero de la timba y centra su atenci\u00f3n con mayor fuerza en un esmerado trabajo con la percusi\u00f3n y los metales, adem\u00e1s de impregnarla en un sello distintivo en sus pegajosos estribillos, que hacen de su amplio repertorio una demostraci\u00f3n efectiva de profesionalidad.<br \/>\n<strong>Dossier Amilcar Su\u00e1rez y su Salsa Matriz<\/strong><br \/>\nLa hiper salsa, como llaman algunos de la timba cubana, no es m\u00e1s que el resultado sonoro de experimentos musicales realizados en esta en la d\u00e9cada del 90, luego de su proceso evolutivo, el son como g\u00e9nero popular bailable ciento por ciento cubano, que posteriormente llega a New York de la mano de musicos cubanos hasta colarse profundo en la preferencia newyorkina. SALSA MATRIZ incursiona con toda profesionalidad musical en el g\u00e9nero de la timba y centra su atenci\u00f3n conmayor fuerza en un esmerado trabajo con la percusi\u00f3n y los metales, adem\u00e1s de impregnarla en un sello distintivo en sus pegajosos estribillos, que hacen de su amplio repertorio una demostraci\u00f3n efectiva de profesionalidad. Esta novedosa agrupaci\u00f3n nos representa un formato de Jazz Band, por su integraci\u00f3n de los metales donde se combinan 2 saxofones y dos trompetas tumbadoras, bater\u00eda con timbal, bongo, campana y 4 excelentes cantantes quienes participan tambi\u00e9n en la percusi\u00f3n menor. Todo este complejo y din\u00e1mico engranaje nos ofrece un producto musical fresco, que rompe los patrones comunes de la m\u00fasica bailable, con un sello de originalidad y frescura dif\u00edcil de imitar. Oggi, grazie a John Toso (Artistic Production per conto della Idyllium Music Publishing Milan Italy), la casa discografica, ha pubblicato il Cd &#8220;A CUBA&#8221; prodotto da Sabino Mogavero e pubblicato dalla Idyllium Music Publishing di Milano<\/p>\n<hr \/>\n<div style=\"float: left; width: 100%;\">\n<p><img loading=\"lazy\" decoding=\"async\" class=\"alignleft size-full wp-image-3019\" src=\"http:\/\/www.idyllium.it\/idyllium\/wp-content\/uploads\/2017\/01\/170x170bb-8-3.jpg\" alt=\"170x170bb-8\" width=\"170\" height=\"170\" srcset=\"https:\/\/www.idyllium.it\/wp-content\/uploads\/2017\/01\/170x170bb-8-3.jpg 170w, https:\/\/www.idyllium.it\/wp-content\/uploads\/2017\/01\/170x170bb-8-3-150x150.jpg 150w, https:\/\/www.idyllium.it\/wp-content\/uploads\/2017\/01\/170x170bb-8-3-140x140.jpg 140w\" sizes=\"(max-width: 170px) 100vw, 170px\" \/><\/p>\n<h4><strong>A Cuba<\/strong><\/h4>\n<p>Download:<br \/>\n<a href=\"https:\/\/itunes.apple.com\/it\/album\/a-cuba\/id303200977?app=itunes&amp;ign-mpt=uo%3D4\" target=\"_blank\" rel=\"noopener\"><img loading=\"lazy\" decoding=\"async\" class=\"alignleft\" src=\"http:\/\/www.idyllium.it\/idyllium\/wp-content\/uploads\/2016\/11\/iTunes.png\" alt=\"itunes\" width=\"70\" height=\"20\" \/><\/a><a href=\"https:\/\/www.amazon.com\/dp\/B001R67T0A?ie=UTF8&amp;tag=musique006-21&amp;linkCode=as2&amp;camp=1642&amp;creative=6746&amp;creativeASIN=B001R67T0A\" target=\"_blank\" rel=\"noopener\"><img loading=\"lazy\" decoding=\"async\" class=\"alignleft\" src=\"http:\/\/www.idyllium.it\/idyllium\/wp-content\/uploads\/2016\/11\/amazon.png\" alt=\"amazon\" width=\"72\" height=\"20\" \/><\/a><a href=\"https:\/\/play.google.com\/store\/music\/album\/album?id=B5gib2ixgr3kifrivalffys35kq\" target=\"_blank\" rel=\"noopener\"><img loading=\"lazy\" decoding=\"async\" class=\"alignleft\" src=\"http:\/\/www.idyllium.it\/idyllium\/wp-content\/uploads\/2016\/11\/Google-Play.png\" alt=\"google-play\" width=\"88\" height=\"20\" \/><\/a><a href=\"http:\/\/www.emusic.com\/album\/-\/-\/11375795\/\" target=\"_blank\" rel=\"noopener\"><img loading=\"lazy\" decoding=\"async\" class=\"alignleft\" src=\"http:\/\/www.idyllium.it\/idyllium\/wp-content\/uploads\/2016\/11\/eMusic.png\" alt=\"emusic\" width=\"68\" height=\"20\" \/><\/a><img loading=\"lazy\" decoding=\"async\" class=\"alignleft wp-image-2498 size-full\" src=\"http:\/\/www.idyllium.it\/idyllium\/wp-content\/uploads\/2016\/11\/starzik.jpg\" width=\"83\" height=\"20\" \/><a href=\"http:\/\/www.deezer.com\/album\/271298\" target=\"_blank\" rel=\"noopener\"><img loading=\"lazy\" decoding=\"async\" class=\"alignleft wp-image-2470 size-full\" src=\"http:\/\/www.idyllium.it\/idyllium\/wp-content\/uploads\/2016\/11\/Deezer.png\" alt=\"deezer\" width=\"90\" height=\"20\" \/><\/a><a href=\"https:\/\/play.spotify.com\/album\/5whxRqM2f3BCZPSEeB9vGK?play=true&amp;utm_source=open.spotify.com&amp;utm_medium=open\" target=\"_blank\" rel=\"noopener\"><img loading=\"lazy\" decoding=\"async\" class=\"alignleft wp-image-2474 size-full\" src=\"http:\/\/www.idyllium.it\/idyllium\/wp-content\/uploads\/2016\/11\/spotify.jpg\" alt=\"spotify\" width=\"65\" height=\"20\" \/><\/a><\/p>\n<\/div>\n<div style=\"float: left; width: 100%;\">\n<p><img loading=\"lazy\" decoding=\"async\" class=\"alignleft wp-image-3021 size-full\" src=\"http:\/\/www.idyllium.it\/idyllium\/wp-content\/uploads\/2017\/01\/170x170bb-9-3.jpg\" width=\"170\" height=\"170\" srcset=\"https:\/\/www.idyllium.it\/wp-content\/uploads\/2017\/01\/170x170bb-9-3.jpg 170w, https:\/\/www.idyllium.it\/wp-content\/uploads\/2017\/01\/170x170bb-9-3-150x150.jpg 150w, https:\/\/www.idyllium.it\/wp-content\/uploads\/2017\/01\/170x170bb-9-3-140x140.jpg 140w\" sizes=\"(max-width: 170px) 100vw, 170px\" \/><\/p>\n<h4><strong>Latin Collection Vol.3<\/strong><\/h4>\n<p>Download:<br \/>\n<a href=\"https:\/\/itunes.apple.com\/it\/album\/latin-collection-vol.3\/id311422012?app=itunes&amp;ign-mpt=uo%3D4\" target=\"_blank\" rel=\"noopener\"><img loading=\"lazy\" decoding=\"async\" class=\"alignleft\" src=\"http:\/\/www.idyllium.it\/idyllium\/wp-content\/uploads\/2016\/11\/iTunes.png\" alt=\"itunes\" width=\"70\" height=\"20\" \/><\/a><a href=\"https:\/\/www.amazon.com\/dp\/B0027RSDS0?ie=UTF8&amp;tag=musique006-21&amp;linkCode=as2&amp;camp=1642&amp;creative=6746&amp;creativeASIN=B0027RSDS0\" target=\"_blank\" rel=\"noopener\"><img loading=\"lazy\" decoding=\"async\" class=\"alignleft\" src=\"http:\/\/www.idyllium.it\/idyllium\/wp-content\/uploads\/2016\/11\/amazon.png\" alt=\"amazon\" width=\"72\" height=\"20\" \/><\/a><a href=\"https:\/\/play.google.com\/store\/music\/album\/album?id=Bd2vemwaxks7r4qyskciygqc3xi\" target=\"_blank\" rel=\"noopener\"><img loading=\"lazy\" decoding=\"async\" class=\"alignleft\" src=\"http:\/\/www.idyllium.it\/idyllium\/wp-content\/uploads\/2016\/11\/Google-Play.png\" alt=\"google-play\" width=\"88\" height=\"20\" \/><\/a><a href=\"http:\/\/www.emusic.com\/album\/-\/-\/12161462\/\" target=\"_blank\" rel=\"noopener\"><img loading=\"lazy\" decoding=\"async\" class=\"alignleft\" src=\"http:\/\/www.idyllium.it\/idyllium\/wp-content\/uploads\/2016\/11\/eMusic.png\" alt=\"emusic\" width=\"68\" height=\"20\" \/><\/a><a href=\"https:\/\/www.musicme.com\/#\/ArtisName\/albums\/albumName-3661585077725.html\" target=\"_blank\" rel=\"noopener\"><img decoding=\"async\" class=\"alignleft\" src=\"http:\/\/www.idyllium.it\/idyllium\/wp-content\/uploads\/2017\/01\/musicme-logo.png\" alt=\"emusic\" width=\"\" height=\"20\" \/><\/a><a href=\"http:\/\/www.starzik.com\/mp3\/produits\/Latin-Collection-Vol-3-366208.html\" target=\"_blank\" rel=\"noopener\"><img loading=\"lazy\" decoding=\"async\" class=\"alignleft wp-image-2498 size-full\" src=\"http:\/\/www.idyllium.it\/idyllium\/wp-content\/uploads\/2016\/11\/starzik.jpg\" width=\"83\" height=\"20\" \/><\/a><a href=\"http:\/\/www.deezer.com\/album\/292641\" target=\"_blank\" rel=\"noopener\"><img loading=\"lazy\" decoding=\"async\" class=\"alignleft wp-image-2470 size-full\" src=\"http:\/\/www.idyllium.it\/idyllium\/wp-content\/uploads\/2016\/11\/Deezer.png\" alt=\"deezer\" width=\"90\" height=\"20\" \/><\/a><a href=\"https:\/\/play.spotify.com\/album\/3HJytipACE9WeMlIBT7kco?play=true&amp;utm_source=open.spotify.com&amp;utm_medium=open\" target=\"_blank\" rel=\"noopener\"><img loading=\"lazy\" decoding=\"async\" class=\"alignleft wp-image-2474 size-full\" src=\"http:\/\/www.idyllium.it\/idyllium\/wp-content\/uploads\/2016\/11\/spotify.jpg\" alt=\"spotify\" width=\"65\" height=\"20\" \/><\/a><\/p>\n<\/div>\n","protected":false},"excerpt":{"rendered":"<p>Comenz\u00f3 sus inquietudes musicales desde muy temprana edad y no fue hasta los 14 a\u00f1os que ingres\u00f3 en la escuelade m\u00fasica Lauro Fuentes en la especialidad de saxof\u00f3n, teniendo tambi\u00e9n grandes inclinaciones por la percusi\u00f3n. Estuvo en esta escuela 4 a\u00f1os hasta graduarse de nivel elemental, en el transcurso de<\/p>\n","protected":false},"author":1,"featured_media":0,"parent":1995,"menu_order":0,"comment_status":"closed","ping_status":"closed","template":"","meta":{"footnotes":""},"yoast_head":"<!-- This site is optimized with the Yoast SEO plugin v23.2 - https:\/\/yoast.com\/wordpress\/plugins\/seo\/ -->\r\n<title>Amilcar Suarez &amp; Salsa Matriz - Idyllium<\/title>\r\n<meta name=\"robots\" content=\"index, follow, max-snippet:-1, max-image-preview:large, max-video-preview:-1\" \/>\r\n<link rel=\"canonical\" href=\"https:\/\/www.idyllium.it\/index.php\/artisti\/amilcar-suarez\/\" \/>\r\n<meta property=\"og:locale\" content=\"it_IT\" \/>\r\n<meta property=\"og:type\" content=\"article\" \/>\r\n<meta property=\"og:title\" content=\"Amilcar Suarez &amp; Salsa Matriz - Idyllium\" \/>\r\n<meta property=\"og:description\" content=\"Comenz\u00f3 sus inquietudes musicales desde muy temprana edad y no fue hasta los 14 a\u00f1os que ingres\u00f3 en la escuelade m\u00fasica Lauro Fuentes en la especialidad de saxof\u00f3n, teniendo tambi\u00e9n grandes inclinaciones por la percusi\u00f3n. Estuvo en esta escuela 4 a\u00f1os hasta graduarse de nivel elemental, en el transcurso de\" \/>\r\n<meta property=\"og:url\" content=\"https:\/\/www.idyllium.it\/index.php\/artisti\/amilcar-suarez\/\" \/>\r\n<meta property=\"og:site_name\" content=\"Idyllium\" \/>\r\n<meta property=\"article:modified_time\" content=\"2024-01-23T21:16:31+00:00\" \/>\r\n<meta property=\"og:image\" content=\"http:\/\/www.idyllium.it\/images\/Amilcar%20Suarez%20y%20salsa%20Matriz.jpg\" \/>\r\n<meta name=\"twitter:card\" content=\"summary_large_image\" \/>\r\n<meta name=\"twitter:label1\" content=\"Tempo di lettura stimato\" \/>\n\t<meta name=\"twitter:data1\" content=\"31 minuti\" \/>\r\n<script type=\"application\/ld+json\" class=\"yoast-schema-graph\">{\"@context\":\"https:\/\/schema.org\",\"@graph\":[{\"@type\":\"WebPage\",\"@id\":\"https:\/\/www.idyllium.it\/index.php\/artisti\/amilcar-suarez\/\",\"url\":\"https:\/\/www.idyllium.it\/index.php\/artisti\/amilcar-suarez\/\",\"name\":\"Amilcar Suarez & Salsa Matriz - Idyllium\",\"isPartOf\":{\"@id\":\"https:\/\/www.idyllium.it\/#website\"},\"primaryImageOfPage\":{\"@id\":\"https:\/\/www.idyllium.it\/index.php\/artisti\/amilcar-suarez\/#primaryimage\"},\"image\":{\"@id\":\"https:\/\/www.idyllium.it\/index.php\/artisti\/amilcar-suarez\/#primaryimage\"},\"thumbnailUrl\":\"http:\/\/www.idyllium.it\/images\/Amilcar%20Suarez%20y%20salsa%20Matriz.jpg\",\"datePublished\":\"2017-01-10T16:39:29+00:00\",\"dateModified\":\"2024-01-23T21:16:31+00:00\",\"breadcrumb\":{\"@id\":\"https:\/\/www.idyllium.it\/index.php\/artisti\/amilcar-suarez\/#breadcrumb\"},\"inLanguage\":\"it-IT\",\"potentialAction\":[{\"@type\":\"ReadAction\",\"target\":[\"https:\/\/www.idyllium.it\/index.php\/artisti\/amilcar-suarez\/\"]}]},{\"@type\":\"ImageObject\",\"inLanguage\":\"it-IT\",\"@id\":\"https:\/\/www.idyllium.it\/index.php\/artisti\/amilcar-suarez\/#primaryimage\",\"url\":\"http:\/\/www.idyllium.it\/images\/Amilcar%20Suarez%20y%20salsa%20Matriz.jpg\",\"contentUrl\":\"http:\/\/www.idyllium.it\/images\/Amilcar%20Suarez%20y%20salsa%20Matriz.jpg\"},{\"@type\":\"BreadcrumbList\",\"@id\":\"https:\/\/www.idyllium.it\/index.php\/artisti\/amilcar-suarez\/#breadcrumb\",\"itemListElement\":[{\"@type\":\"ListItem\",\"position\":1,\"name\":\"Home\",\"item\":\"https:\/\/www.idyllium.it\/\"},{\"@type\":\"ListItem\",\"position\":2,\"name\":\"ARTISTI\",\"item\":\"https:\/\/www.idyllium.it\/index.php\/artisti\/\"},{\"@type\":\"ListItem\",\"position\":3,\"name\":\"Amilcar Suarez &#038; Salsa Matriz\"}]},{\"@type\":\"WebSite\",\"@id\":\"https:\/\/www.idyllium.it\/#website\",\"url\":\"https:\/\/www.idyllium.it\/\",\"name\":\"Idyllium\",\"description\":\"Music Publishing\",\"potentialAction\":[{\"@type\":\"SearchAction\",\"target\":{\"@type\":\"EntryPoint\",\"urlTemplate\":\"https:\/\/www.idyllium.it\/?s={search_term_string}\"},\"query-input\":\"required name=search_term_string\"}],\"inLanguage\":\"it-IT\"}]}<\/script>\r\n<!-- \/ Yoast SEO plugin. -->","yoast_head_json":{"title":"Amilcar Suarez & Salsa Matriz - Idyllium","robots":{"index":"index","follow":"follow","max-snippet":"max-snippet:-1","max-image-preview":"max-image-preview:large","max-video-preview":"max-video-preview:-1"},"canonical":"https:\/\/www.idyllium.it\/index.php\/artisti\/amilcar-suarez\/","og_locale":"it_IT","og_type":"article","og_title":"Amilcar Suarez & Salsa Matriz - Idyllium","og_description":"Comenz\u00f3 sus inquietudes musicales desde muy temprana edad y no fue hasta los 14 a\u00f1os que ingres\u00f3 en la escuelade m\u00fasica Lauro Fuentes en la especialidad de saxof\u00f3n, teniendo tambi\u00e9n grandes inclinaciones por la percusi\u00f3n. Estuvo en esta escuela 4 a\u00f1os hasta graduarse de nivel elemental, en el transcurso de","og_url":"https:\/\/www.idyllium.it\/index.php\/artisti\/amilcar-suarez\/","og_site_name":"Idyllium","article_modified_time":"2024-01-23T21:16:31+00:00","og_image":[{"url":"http:\/\/www.idyllium.it\/images\/Amilcar%20Suarez%20y%20salsa%20Matriz.jpg"}],"twitter_card":"summary_large_image","twitter_misc":{"Tempo di lettura stimato":"31 minuti"},"schema":{"@context":"https:\/\/schema.org","@graph":[{"@type":"WebPage","@id":"https:\/\/www.idyllium.it\/index.php\/artisti\/amilcar-suarez\/","url":"https:\/\/www.idyllium.it\/index.php\/artisti\/amilcar-suarez\/","name":"Amilcar Suarez & Salsa Matriz - Idyllium","isPartOf":{"@id":"https:\/\/www.idyllium.it\/#website"},"primaryImageOfPage":{"@id":"https:\/\/www.idyllium.it\/index.php\/artisti\/amilcar-suarez\/#primaryimage"},"image":{"@id":"https:\/\/www.idyllium.it\/index.php\/artisti\/amilcar-suarez\/#primaryimage"},"thumbnailUrl":"http:\/\/www.idyllium.it\/images\/Amilcar%20Suarez%20y%20salsa%20Matriz.jpg","datePublished":"2017-01-10T16:39:29+00:00","dateModified":"2024-01-23T21:16:31+00:00","breadcrumb":{"@id":"https:\/\/www.idyllium.it\/index.php\/artisti\/amilcar-suarez\/#breadcrumb"},"inLanguage":"it-IT","potentialAction":[{"@type":"ReadAction","target":["https:\/\/www.idyllium.it\/index.php\/artisti\/amilcar-suarez\/"]}]},{"@type":"ImageObject","inLanguage":"it-IT","@id":"https:\/\/www.idyllium.it\/index.php\/artisti\/amilcar-suarez\/#primaryimage","url":"http:\/\/www.idyllium.it\/images\/Amilcar%20Suarez%20y%20salsa%20Matriz.jpg","contentUrl":"http:\/\/www.idyllium.it\/images\/Amilcar%20Suarez%20y%20salsa%20Matriz.jpg"},{"@type":"BreadcrumbList","@id":"https:\/\/www.idyllium.it\/index.php\/artisti\/amilcar-suarez\/#breadcrumb","itemListElement":[{"@type":"ListItem","position":1,"name":"Home","item":"https:\/\/www.idyllium.it\/"},{"@type":"ListItem","position":2,"name":"ARTISTI","item":"https:\/\/www.idyllium.it\/index.php\/artisti\/"},{"@type":"ListItem","position":3,"name":"Amilcar Suarez &#038; Salsa Matriz"}]},{"@type":"WebSite","@id":"https:\/\/www.idyllium.it\/#website","url":"https:\/\/www.idyllium.it\/","name":"Idyllium","description":"Music Publishing","potentialAction":[{"@type":"SearchAction","target":{"@type":"EntryPoint","urlTemplate":"https:\/\/www.idyllium.it\/?s={search_term_string}"},"query-input":"required name=search_term_string"}],"inLanguage":"it-IT"}]}},"_links":{"self":[{"href":"https:\/\/www.idyllium.it\/index.php\/wp-json\/wp\/v2\/pages\/2640"}],"collection":[{"href":"https:\/\/www.idyllium.it\/index.php\/wp-json\/wp\/v2\/pages"}],"about":[{"href":"https:\/\/www.idyllium.it\/index.php\/wp-json\/wp\/v2\/types\/page"}],"author":[{"embeddable":true,"href":"https:\/\/www.idyllium.it\/index.php\/wp-json\/wp\/v2\/users\/1"}],"replies":[{"embeddable":true,"href":"https:\/\/www.idyllium.it\/index.php\/wp-json\/wp\/v2\/comments?post=2640"}],"version-history":[{"count":1,"href":"https:\/\/www.idyllium.it\/index.php\/wp-json\/wp\/v2\/pages\/2640\/revisions"}],"predecessor-version":[{"id":28577,"href":"https:\/\/www.idyllium.it\/index.php\/wp-json\/wp\/v2\/pages\/2640\/revisions\/28577"}],"up":[{"embeddable":true,"href":"https:\/\/www.idyllium.it\/index.php\/wp-json\/wp\/v2\/pages\/1995"}],"wp:attachment":[{"href":"https:\/\/www.idyllium.it\/index.php\/wp-json\/wp\/v2\/media?parent=2640"}],"curies":[{"name":"wp","href":"https:\/\/api.w.org\/{rel}","templated":true}]}}