{"id":2594,"date":"2017-01-10T16:07:53","date_gmt":"2017-01-10T15:07:53","guid":{"rendered":"http:\/\/www.idyllium.it\/idyllium\/?page_id=2594"},"modified":"2024-01-23T21:40:48","modified_gmt":"2024-01-23T20:40:48","slug":"string-quartet-tajj","status":"publish","type":"page","link":"https:\/\/www.idyllium.it\/index.php\/artisti\/string-quartet-tajj\/","title":{"rendered":"String Quartet Tajj"},"content":{"rendered":"<p style=\"text-align: justify;\"><img loading=\"lazy\" decoding=\"async\" class=\"alignleft size-medium\" src=\"http:\/\/www.idyllium.it\/images\/String%20Quartet%20Tajj%20web.jpg\" alt=\"\" width=\"400\" height=\"266\" \/>Il Quartetto d\u2019archi Tajj nasce nel 1997 come quartetto formato da studentesse della \u201cAcademy of Arts di Novi Sad, lavorando sotto la guida del famoso violoncellista e musicista da camera professor Istv\u00e0n Varga, divenuto il loro direttore artistico fino al 1999.<br \/>\nDal 1999, il Tajj lavor\u00f2 senza nessuna guida professionale, tuttavia fu invitato con sempre maggiore frequenza ai festival pi\u00f9 importanti di Novi Sad e del territorio di Vojvodina e prese parte ugualmente a molti master classes con famosi gruppi da camera: Quartetto Amadeus, Quartetto Alban Berg, Quartetto Chilingirian, Quartetto Daniel, Quartetto Smetana, Quartetto Bartok, Quartetto Medici, Quartetto Janacek.<br \/>\nDurante questi nove anni per il Quartetto Tajj non sono mancate importanti esibizioni anche in altri rinomati festival della Serbia, del Montenegro e all\u2019estero (Ungheria, Germania, Olanda, Croazia, Austria e Italia).<br \/>\nI concerti pi\u00f9 importanti sono stati a NOMUS (Music Festival di Novi Sad), e al Concorso Internazionale \u201cPremio Paolo Borciani\u201d nel 2000 e nel 2005 a Reggio Emilia, suonando con successo nei Concerti itineranti \u201cQuartetti e movimenti\u201d.<br \/>\nDal 2003 hanno iniziato a collaborare con altri gruppi da camera della Serbia e Montenegro, arricchendo il loro repertorio e lavorando con artisti quali: il clarinettista Aleksandar Tasi\u0107, i pianisti Ratimir Martinovi\u0107, Nada Bulatovi\u0107 e Iris Kobal, il basso Branislav Jati\u0107, il soprano Vera Kova\u0107 Vitkay, le flautiste Laura Levai Aksin e Sonja Antuni\u0107, Il progetto pi\u00f9 importante della loro carriera \u00e8 stato il secondo \u201cMemorial Isidor Baji\u0107\u201d \u2013 concorso pianistico internazionale, dove si sono esibiti come quartetto \u201cin residence\u201d in occasione della finale dedicata al quartetto con pianoforte. Dal 2003 si stanno perfezionando presso la facolt\u00e0 di Musica a Belgrado in musica da camera \u2013 quartetto d\u2019archi sotto la guida di Ladislav Mezei.<br \/>\nIl loro repertorio discografico comprende incisioni da Haydn fino alla musica del 900; tra i principali ricordiamo il cd promo con musiche di Haydn e Dvorak, il Quintetto per clarinetto di Mozart e il quintetto con pianoforte di Brahms e un cd di autori ungheresi del 20\u00b0 secolo.<br \/>\nPubblicato il nuovo Cd dal titolo: &#8220;String Quartet Tajj&#8221; prodotto da Sabino Mogavero per la Idyllium Music Publishing di Milano Italy<\/p>\n<p><a href=\"http:\/\/www.idyllium.it\/Video%20Seghedoni\/Tajj.wmv\">SCARICA IL VIDEO<\/a><\/p>\n<p>&nbsp;<\/p>\n<hr \/>\n<div style=\"float: left; width: 100%;\">\n<p><img loading=\"lazy\" decoding=\"async\" class=\"alignleft wp-image-2845\" src=\"http:\/\/www.idyllium.it\/idyllium\/wp-content\/uploads\/2017\/01\/51cGyGeNgL._SS500-300x300.jpg\" width=\"170\" height=\"170\" srcset=\"https:\/\/www.idyllium.it\/wp-content\/uploads\/2017\/01\/51cGyGeNgL._SS500-300x300.jpg 300w, https:\/\/www.idyllium.it\/wp-content\/uploads\/2017\/01\/51cGyGeNgL._SS500-150x150.jpg 150w, https:\/\/www.idyllium.it\/wp-content\/uploads\/2017\/01\/51cGyGeNgL._SS500-370x370.jpg 370w, https:\/\/www.idyllium.it\/wp-content\/uploads\/2017\/01\/51cGyGeNgL._SS500-385x385.jpg 385w, https:\/\/www.idyllium.it\/wp-content\/uploads\/2017\/01\/51cGyGeNgL._SS500-140x140.jpg 140w, https:\/\/www.idyllium.it\/wp-content\/uploads\/2017\/01\/51cGyGeNgL._SS500.jpg 500w\" sizes=\"(max-width: 170px) 100vw, 170px\" \/><\/p>\n<h4><strong>String Quartet<\/strong><\/h4>\n<p>Download:<br \/>\n<a href=\"http:\/\/www.emusic.com\/album\/-\/-\/11585220\/\" target=\"_blank\" rel=\"noopener\"><img loading=\"lazy\" decoding=\"async\" class=\"alignleft wp-image-2471 size-full\" src=\"http:\/\/www.idyllium.it\/idyllium\/wp-content\/uploads\/2016\/11\/eMusic.png\" width=\"68\" height=\"20\" \/><\/a><a href=\"https:\/\/www.amazon.com\/dp\/B002LI0RJS?ie=UTF8&amp;tag=musique006-21&amp;linkCode=as2&amp;camp=1642&amp;creative=6746&amp;creativeASIN=B002LI0RJS\" target=\"_blank\" rel=\"noopener\"><img loading=\"lazy\" decoding=\"async\" class=\"alignleft wp-image-2469 size-full\" src=\"http:\/\/www.idyllium.it\/idyllium\/wp-content\/uploads\/2016\/11\/amazon.png\" alt=\"amazon\" width=\"72\" height=\"20\" \/><\/a><a href=\"https:\/\/play.google.com\/store\/music\/album\/album?id=Bzepua7s57ljpy6txvury2ftrxy\" target=\"_blank\" rel=\"noopener\"><img loading=\"lazy\" decoding=\"async\" class=\"alignleft wp-image-2472 size-full\" src=\"http:\/\/www.idyllium.it\/idyllium\/wp-content\/uploads\/2016\/11\/Google-Play.png\" alt=\"google-play\" width=\"88\" height=\"20\" \/><\/a><a href=\"https:\/\/it.7digital.com\/artist\/aleksandra-krand-268-mar-i%C2%B0-violin-jovanka-letiand-262-ii%C2%B0-violin-jelena-filipoviand-262-viola-timea\" target=\"_blank\" rel=\"noopener\"><img loading=\"lazy\" decoding=\"async\" class=\"alignleft wp-image-2468 size-full\" src=\"http:\/\/www.idyllium.it\/idyllium\/wp-content\/uploads\/2016\/11\/7digital.jpg\" width=\"63\" height=\"20\" \/><\/a><a href=\"http:\/\/www.deezer.com\/album\/380509\" target=\"_blank\" rel=\"noopener\"><img loading=\"lazy\" decoding=\"async\" class=\"alignleft wp-image-2470 size-full\" src=\"http:\/\/www.idyllium.it\/idyllium\/wp-content\/uploads\/2016\/11\/Deezer.png\" alt=\"deezer\" width=\"90\" height=\"20\" \/><\/a><a href=\"https:\/\/play.spotify.com\/album\/1ZzA9Bmhe2Sso4st7r1Q5P?play=true&amp;utm_source=open.spotify.com&amp;utm_medium=open\" target=\"_blank\" rel=\"noopener\"><img loading=\"lazy\" decoding=\"async\" class=\"alignleft wp-image-2474 size-full\" src=\"http:\/\/www.idyllium.it\/idyllium\/wp-content\/uploads\/2016\/11\/spotify.jpg\" alt=\"spotify\" width=\"65\" height=\"20\" \/><\/a><\/p>\n<\/div>\n<div style=\"float: left; width: 100%;\">\n<p><img loading=\"lazy\" decoding=\"async\" class=\"alignleft wp-image-2846 size-full\" src=\"http:\/\/www.idyllium.it\/idyllium\/wp-content\/uploads\/2017\/01\/170x170bb-15-2.jpg\" width=\"170\" height=\"170\" srcset=\"https:\/\/www.idyllium.it\/wp-content\/uploads\/2017\/01\/170x170bb-15-2.jpg 170w, https:\/\/www.idyllium.it\/wp-content\/uploads\/2017\/01\/170x170bb-15-2-150x150.jpg 150w, https:\/\/www.idyllium.it\/wp-content\/uploads\/2017\/01\/170x170bb-15-2-140x140.jpg 140w\" sizes=\"(max-width: 170px) 100vw, 170px\" \/><\/p>\n<h4><strong>Mendelssohn: The Best String Symphony<\/strong><\/h4>\n<p>Download:<br \/>\n<a href=\"https:\/\/itunes.apple.com\/it\/album\/mendelssohn-best-string-symphony\/id620594571?app=itunes&amp;ign-mpt=uo%3D4\" target=\"_blank\" rel=\"noopener\"><img loading=\"lazy\" decoding=\"async\" class=\"alignleft wp-image-2473 size-full\" src=\"http:\/\/www.idyllium.it\/idyllium\/wp-content\/uploads\/2016\/11\/iTunes.png\" alt=\"itunes\" width=\"70\" height=\"20\" \/><\/a><a href=\"https:\/\/www.amazon.com\/dp\/B00BTOCIX8?ie=UTF8&amp;tag=musique006-21&amp;linkCode=as2&amp;camp=1642&amp;creative=6746&amp;creativeASIN=B00BTOCIX8\" target=\"_blank\" rel=\"noopener\"><img loading=\"lazy\" decoding=\"async\" class=\"alignleft wp-image-2469 size-full\" src=\"http:\/\/www.idyllium.it\/idyllium\/wp-content\/uploads\/2016\/11\/amazon.png\" alt=\"amazon\" width=\"72\" height=\"20\" \/><\/a><a href=\"https:\/\/play.google.com\/store\/music\/album\/album?id=Bmt63gvpq3d2tsb7wf7qvcph4fm\" target=\"_blank\" rel=\"noopener\"><img loading=\"lazy\" decoding=\"async\" class=\"alignleft wp-image-2472 size-full\" src=\"http:\/\/www.idyllium.it\/idyllium\/wp-content\/uploads\/2016\/11\/Google-Play.png\" alt=\"google-play\" width=\"88\" height=\"20\" \/><\/a><a href=\"http:\/\/www.starzik.com\/mp3\/produits\/Mendelssohn-The-Best-String-Symphony-1382587.html\" target=\"_blank\" rel=\"noopener\"><img loading=\"lazy\" decoding=\"async\" class=\"alignleft wp-image-2498 size-full\" src=\"http:\/\/www.idyllium.it\/idyllium\/wp-content\/uploads\/2016\/11\/starzik.jpg\" width=\"83\" height=\"20\" \/><\/a><a href=\"http:\/\/www.deezer.com\/album\/6418070\" target=\"_blank\" rel=\"noopener\"><img loading=\"lazy\" decoding=\"async\" class=\"alignleft wp-image-2470 size-full\" src=\"http:\/\/www.idyllium.it\/idyllium\/wp-content\/uploads\/2016\/11\/Deezer.png\" alt=\"deezer\" width=\"90\" height=\"20\" \/><\/a><a href=\"https:\/\/play.spotify.com\/album\/3lhYKntdeXUZWi6diXKZLi?play=true&amp;utm_source=open.spotify.com&amp;utm_medium=open\" target=\"_blank\" rel=\"noopener\"><img loading=\"lazy\" decoding=\"async\" class=\"alignleft wp-image-2474 size-full\" src=\"http:\/\/www.idyllium.it\/idyllium\/wp-content\/uploads\/2016\/11\/spotify.jpg\" alt=\"spotify\" width=\"65\" height=\"20\" \/><\/a><\/p>\n<\/div>\n<div style=\"float: left; width: 100%;\">\n<p><img loading=\"lazy\" decoding=\"async\" class=\"alignleft wp-image-2847 size-full\" src=\"http:\/\/www.idyllium.it\/idyllium\/wp-content\/uploads\/2017\/01\/170x170bb-16-1.jpg\" width=\"170\" height=\"170\" srcset=\"https:\/\/www.idyllium.it\/wp-content\/uploads\/2017\/01\/170x170bb-16-1.jpg 170w, https:\/\/www.idyllium.it\/wp-content\/uploads\/2017\/01\/170x170bb-16-1-150x150.jpg 150w, https:\/\/www.idyllium.it\/wp-content\/uploads\/2017\/01\/170x170bb-16-1-140x140.jpg 140w\" sizes=\"(max-width: 170px) 100vw, 170px\" \/><\/p>\n<h4><strong>Beethoven: Piano Sonata No. 9, Op. 14 No. 1 (Arranged for String Quartet)<\/strong><\/h4>\n<p>Download:<br \/>\n<a href=\"https:\/\/itunes.apple.com\/it\/album\/beethoven-piano-sonata-no.\/id631888424?app=itunes&amp;ign-mpt=uo%3D4\" target=\"_blank\" rel=\"noopener\"><img loading=\"lazy\" decoding=\"async\" class=\"alignleft wp-image-2473 size-full\" src=\"http:\/\/www.idyllium.it\/idyllium\/wp-content\/uploads\/2016\/11\/iTunes.png\" alt=\"itunes\" width=\"70\" height=\"20\" \/><\/a><a href=\"https:\/\/www.amazon.com\/dp\/B00C8UM57G?ie=UTF8&amp;tag=musique006-21&amp;linkCode=as2&amp;camp=1642&amp;creative=6746&amp;creativeASIN=B00C8UM57G\" target=\"_blank\" rel=\"noopener\"><img loading=\"lazy\" decoding=\"async\" class=\"alignleft wp-image-2469 size-full\" src=\"http:\/\/www.idyllium.it\/idyllium\/wp-content\/uploads\/2016\/11\/amazon.png\" alt=\"amazon\" width=\"72\" height=\"20\" \/><\/a><a href=\"https:\/\/play.google.com\/store\/music\/album\/album?id=Bouep44qm7ywm32v2wdd2ap3biq\" target=\"_blank\" rel=\"noopener\"><img loading=\"lazy\" decoding=\"async\" class=\"alignleft wp-image-2472 size-full\" src=\"http:\/\/www.idyllium.it\/idyllium\/wp-content\/uploads\/2016\/11\/Google-Play.png\" alt=\"google-play\" width=\"88\" height=\"20\" \/><\/a><a href=\"http:\/\/www.emusic.com\/album\/-\/-\/14011730\/\" target=\"_blank\" rel=\"noopener\"><img loading=\"lazy\" decoding=\"async\" class=\"alignleft wp-image-2471 size-full\" src=\"http:\/\/www.idyllium.it\/idyllium\/wp-content\/uploads\/2016\/11\/eMusic.png\" width=\"68\" height=\"20\" \/><\/a><a href=\"https:\/\/listen.tidal.com\/album\/022460098\" target=\"_blank\" rel=\"noopener\"><img loading=\"lazy\" decoding=\"async\" class=\"alignleft wp-image-2475 size-full\" src=\"http:\/\/www.idyllium.it\/idyllium\/wp-content\/uploads\/2016\/11\/tidal.jpg\" width=\"41\" height=\"20\" \/><\/a><a href=\"http:\/\/www.starzik.com\/mp3\/produits\/Beethoven-String-Quartet-No-9-Op-14-1399479.html\" target=\"_blank\" rel=\"noopener\"><img loading=\"lazy\" decoding=\"async\" class=\"alignleft wp-image-2498 size-full\" src=\"http:\/\/www.idyllium.it\/idyllium\/wp-content\/uploads\/2016\/11\/starzik.jpg\" width=\"83\" height=\"20\" \/><\/a><a href=\"http:\/\/www.deezer.com\/album\/6484128\" target=\"_blank\" rel=\"noopener\"><img loading=\"lazy\" decoding=\"async\" class=\"alignleft wp-image-2470 size-full\" src=\"http:\/\/www.idyllium.it\/idyllium\/wp-content\/uploads\/2016\/11\/Deezer.png\" alt=\"deezer\" width=\"90\" height=\"20\" \/><\/a><a href=\"https:\/\/play.spotify.com\/album\/4Pm93vupFnuKreAhAwqjKn?play=true&amp;utm_source=open.spotify.com&amp;utm_medium=open\" target=\"_blank\" rel=\"noopener\"><img loading=\"lazy\" decoding=\"async\" class=\"alignleft wp-image-2474 size-full\" src=\"http:\/\/www.idyllium.it\/idyllium\/wp-content\/uploads\/2016\/11\/spotify.jpg\" alt=\"spotify\" width=\"65\" height=\"20\" \/><\/a><\/p>\n<\/div>\n<div style=\"float: left; width: 100%;\">\n<p><img loading=\"lazy\" decoding=\"async\" class=\"alignleft wp-image-2849 size-full\" src=\"http:\/\/www.idyllium.it\/idyllium\/wp-content\/uploads\/2017\/01\/170x170bb-17-1.jpg\" width=\"170\" height=\"170\" srcset=\"https:\/\/www.idyllium.it\/wp-content\/uploads\/2017\/01\/170x170bb-17-1.jpg 170w, https:\/\/www.idyllium.it\/wp-content\/uploads\/2017\/01\/170x170bb-17-1-150x150.jpg 150w, https:\/\/www.idyllium.it\/wp-content\/uploads\/2017\/01\/170x170bb-17-1-140x140.jpg 140w\" sizes=\"(max-width: 170px) 100vw, 170px\" \/><\/p>\n<h4><strong>Beethoven: String Quartet Nos. 1 &#8211; 5, Op. 18<\/strong><\/h4>\n<p>Download:<br \/>\n<a href=\"https:\/\/itunes.apple.com\/it\/album\/beethoven-string-quartet-nos.\/id631907804?app=itunes&amp;ign-mpt=uo%3D4\" target=\"_blank\" rel=\"noopener\"><img loading=\"lazy\" decoding=\"async\" class=\"alignleft wp-image-2473 size-full\" src=\"http:\/\/www.idyllium.it\/idyllium\/wp-content\/uploads\/2016\/11\/iTunes.png\" alt=\"itunes\" width=\"70\" height=\"20\" \/><\/a><a href=\"https:\/\/www.amazon.com\/dp\/B00C8ULCCK?ie=UTF8&amp;tag=musique006-21&amp;linkCode=as2&amp;camp=1642&amp;creative=6746&amp;creativeASIN=B00C8ULCCK\" target=\"_blank\" rel=\"noopener\"><img loading=\"lazy\" decoding=\"async\" class=\"alignleft wp-image-2469 size-full\" src=\"http:\/\/www.idyllium.it\/idyllium\/wp-content\/uploads\/2016\/11\/amazon.png\" alt=\"amazon\" width=\"72\" height=\"20\" \/><\/a><a href=\"https:\/\/play.google.com\/store\/music\/album\/album?id=Bkcllspzij5cuwjtvhndspfxxba\" target=\"_blank\" rel=\"noopener\"><img loading=\"lazy\" decoding=\"async\" class=\"alignleft wp-image-2472 size-full\" src=\"http:\/\/www.idyllium.it\/idyllium\/wp-content\/uploads\/2016\/11\/Google-Play.png\" alt=\"google-play\" width=\"88\" height=\"20\" \/><\/a><a href=\"http:\/\/www.emusic.com\/album\/-\/-\/14011732\/\" target=\"_blank\" rel=\"noopener\"><img loading=\"lazy\" decoding=\"async\" class=\"alignleft wp-image-2471 size-full\" src=\"http:\/\/www.idyllium.it\/idyllium\/wp-content\/uploads\/2016\/11\/eMusic.png\" width=\"68\" height=\"20\" \/><\/a><a href=\"https:\/\/listen.tidal.com\/album\/021982286\" target=\"_blank\" rel=\"noopener\"><img loading=\"lazy\" decoding=\"async\" class=\"alignleft wp-image-2475 size-full\" src=\"http:\/\/www.idyllium.it\/idyllium\/wp-content\/uploads\/2016\/11\/tidal.jpg\" width=\"41\" height=\"20\" \/><\/a><a href=\"http:\/\/www.starzik.com\/mp3\/produits\/Beethoven-String-Quartet-Nos-1-5-Op-18-1399481.html\" target=\"_blank\" rel=\"noopener\"><img loading=\"lazy\" decoding=\"async\" class=\"alignleft wp-image-2498 size-full\" src=\"http:\/\/www.idyllium.it\/idyllium\/wp-content\/uploads\/2016\/11\/starzik.jpg\" width=\"83\" height=\"20\" \/><\/a><a href=\"http:\/\/www.deezer.com\/album\/6484131\" target=\"_blank\" rel=\"noopener\"><img loading=\"lazy\" decoding=\"async\" class=\"alignleft wp-image-2470 size-full\" src=\"http:\/\/www.idyllium.it\/idyllium\/wp-content\/uploads\/2016\/11\/Deezer.png\" alt=\"deezer\" width=\"90\" height=\"20\" \/><\/a><a href=\"https:\/\/play.spotify.com\/album\/1vwb3wiHWlpLWlpCk4a9Ri?play=true&amp;utm_source=open.spotify.com&amp;utm_medium=open\" target=\"_blank\" rel=\"noopener\"><img loading=\"lazy\" decoding=\"async\" class=\"alignleft wp-image-2474 size-full\" src=\"http:\/\/www.idyllium.it\/idyllium\/wp-content\/uploads\/2016\/11\/spotify.jpg\" alt=\"spotify\" width=\"65\" height=\"20\" \/><\/a><\/p>\n<\/div>\n<div style=\"float: left; width: 100%;\">\n<p><img loading=\"lazy\" decoding=\"async\" class=\"alignleft wp-image-2851 size-full\" src=\"http:\/\/www.idyllium.it\/idyllium\/wp-content\/uploads\/2017\/01\/170x170bb-18-1.jpg\" width=\"170\" height=\"170\" srcset=\"https:\/\/www.idyllium.it\/wp-content\/uploads\/2017\/01\/170x170bb-18-1.jpg 170w, https:\/\/www.idyllium.it\/wp-content\/uploads\/2017\/01\/170x170bb-18-1-150x150.jpg 150w, https:\/\/www.idyllium.it\/wp-content\/uploads\/2017\/01\/170x170bb-18-1-140x140.jpg 140w\" sizes=\"(max-width: 170px) 100vw, 170px\" \/><\/p>\n<h4><strong>Beethoven: Trio for String Nos. 1, 2 &amp; 3, Op. 9<\/strong><\/h4>\n<p>Download:<br \/>\n<a href=\"https:\/\/itunes.apple.com\/it\/album\/beethoven-trio-for-string\/id618535580?app=itunes&amp;ign-mpt=uo%3D4\" target=\"_blank\" rel=\"noopener\"><img loading=\"lazy\" decoding=\"async\" class=\"alignleft wp-image-2473 size-full\" src=\"http:\/\/www.idyllium.it\/idyllium\/wp-content\/uploads\/2016\/11\/iTunes.png\" alt=\"itunes\" width=\"70\" height=\"20\" \/><\/a><a href=\"https:\/\/www.amazon.com\/dp\/B00BSXYGBW?ie=UTF8&amp;tag=musique006-21&amp;linkCode=as2&amp;camp=1642&amp;creative=6746&amp;creativeASIN=B00BSXYGBW\" target=\"_blank\" rel=\"noopener\"><img loading=\"lazy\" decoding=\"async\" class=\"alignleft wp-image-2469 size-full\" src=\"http:\/\/www.idyllium.it\/idyllium\/wp-content\/uploads\/2016\/11\/amazon.png\" alt=\"amazon\" width=\"72\" height=\"20\" \/><\/a><a href=\"https:\/\/play.google.com\/store\/music\/album\/album?id=B3q6gr4y3ecra2luxmq7g37q2cu\" target=\"_blank\" rel=\"noopener\"><img loading=\"lazy\" decoding=\"async\" class=\"alignleft wp-image-2472 size-full\" src=\"http:\/\/www.idyllium.it\/idyllium\/wp-content\/uploads\/2016\/11\/Google-Play.png\" alt=\"google-play\" width=\"88\" height=\"20\" \/><\/a><a href=\"https:\/\/listen.tidal.com\/album\/021820249\" target=\"_blank\" rel=\"noopener\"><img loading=\"lazy\" decoding=\"async\" class=\"alignleft wp-image-2475 size-full\" src=\"http:\/\/www.idyllium.it\/idyllium\/wp-content\/uploads\/2016\/11\/tidal.jpg\" width=\"41\" height=\"20\" \/><\/a><a href=\"http:\/\/www.starzik.com\/mp3\/produits\/Beethoven-Trio-for-String-Nos-1-2-et-amp-3-Op-9-1380967.html\" target=\"_blank\" rel=\"noopener\"><img loading=\"lazy\" decoding=\"async\" class=\"alignleft wp-image-2498 size-full\" src=\"http:\/\/www.idyllium.it\/idyllium\/wp-content\/uploads\/2016\/11\/starzik.jpg\" width=\"83\" height=\"20\" \/><\/a><a href=\"http:\/\/www.deezer.com\/album\/6412237\" target=\"_blank\" rel=\"noopener\"><img loading=\"lazy\" decoding=\"async\" class=\"alignleft wp-image-2470 size-full\" src=\"http:\/\/www.idyllium.it\/idyllium\/wp-content\/uploads\/2016\/11\/Deezer.png\" alt=\"deezer\" width=\"90\" height=\"20\" \/><\/a><a href=\"https:\/\/play.spotify.com\/album\/6rIpKTgBqWvPtjoDypalJZ?play=true&amp;utm_source=open.spotify.com&amp;utm_medium=open\" target=\"_blank\" rel=\"noopener\"><img loading=\"lazy\" decoding=\"async\" class=\"alignleft wp-image-2474 size-full\" src=\"http:\/\/www.idyllium.it\/idyllium\/wp-content\/uploads\/2016\/11\/spotify.jpg\" alt=\"spotify\" width=\"65\" height=\"20\" \/><\/a><\/p>\n<\/div>\n<div style=\"float: left; width: 100%;\">\n<p><img loading=\"lazy\" decoding=\"async\" class=\"alignleft wp-image-2852 size-full\" src=\"http:\/\/www.idyllium.it\/idyllium\/wp-content\/uploads\/2017\/01\/170x170bb-19-1.jpg\" width=\"170\" height=\"170\" srcset=\"https:\/\/www.idyllium.it\/wp-content\/uploads\/2017\/01\/170x170bb-19-1.jpg 170w, https:\/\/www.idyllium.it\/wp-content\/uploads\/2017\/01\/170x170bb-19-1-150x150.jpg 150w, https:\/\/www.idyllium.it\/wp-content\/uploads\/2017\/01\/170x170bb-19-1-140x140.jpg 140w\" sizes=\"(max-width: 170px) 100vw, 170px\" \/><\/p>\n<h4><strong>Beethoven: String Quartet No. 13, Op. 130 &amp; No. 14, Op. 131<\/strong><\/h4>\n<p>Download:<br \/>\n<a href=\"https:\/\/itunes.apple.com\/it\/album\/beethoven-string-quartet-no.\/id626837039?app=itunes&amp;ign-mpt=uo%3D4\" target=\"_blank\" rel=\"noopener\"><img loading=\"lazy\" decoding=\"async\" class=\"alignleft wp-image-2473 size-full\" src=\"http:\/\/www.idyllium.it\/idyllium\/wp-content\/uploads\/2016\/11\/iTunes.png\" alt=\"itunes\" width=\"70\" height=\"20\" \/><\/a><a href=\"https:\/\/www.amazon.com\/dp\/B00C1TZ0HG?ie=UTF8&amp;tag=musique006-21&amp;linkCode=as2&amp;camp=1642&amp;creative=6746&amp;creativeASIN=B00C1TZ0HG\" target=\"_blank\" rel=\"noopener\"><img loading=\"lazy\" decoding=\"async\" class=\"alignleft wp-image-2469 size-full\" src=\"http:\/\/www.idyllium.it\/idyllium\/wp-content\/uploads\/2016\/11\/amazon.png\" alt=\"amazon\" width=\"72\" height=\"20\" \/><\/a><a href=\"https:\/\/play.google.com\/store\/music\/album\/album?id=B5xfefif3pydkx2xdzmdmzmpgwi\" target=\"_blank\" rel=\"noopener\"><img loading=\"lazy\" decoding=\"async\" class=\"alignleft wp-image-2472 size-full\" src=\"http:\/\/www.idyllium.it\/idyllium\/wp-content\/uploads\/2016\/11\/Google-Play.png\" alt=\"google-play\" width=\"88\" height=\"20\" \/><\/a><a href=\"https:\/\/listen.tidal.com\/album\/021448163\" target=\"_blank\" rel=\"noopener\"><img loading=\"lazy\" decoding=\"async\" class=\"alignleft wp-image-2475 size-full\" src=\"http:\/\/www.idyllium.it\/idyllium\/wp-content\/uploads\/2016\/11\/tidal.jpg\" width=\"41\" height=\"20\" \/><\/a><a href=\"http:\/\/www.starzik.com\/mp3\/produits\/Beethoven-String-Quartet-No-13-Op-130-et-amp-No-14-Op-131-1394853.html\" target=\"_blank\" rel=\"noopener\"><img loading=\"lazy\" decoding=\"async\" class=\"alignleft wp-image-2498 size-full\" src=\"http:\/\/www.idyllium.it\/idyllium\/wp-content\/uploads\/2016\/11\/starzik.jpg\" width=\"83\" height=\"20\" \/><\/a><a href=\"http:\/\/www.deezer.com\/album\/6446734\" target=\"_blank\" rel=\"noopener\"><img loading=\"lazy\" decoding=\"async\" class=\"alignleft wp-image-2470 size-full\" src=\"http:\/\/www.idyllium.it\/idyllium\/wp-content\/uploads\/2016\/11\/Deezer.png\" alt=\"deezer\" width=\"90\" height=\"20\" \/><\/a><a href=\"https:\/\/play.spotify.com\/album\/3Ma1jJBsd6fetAmt6HkNWA?play=true&amp;utm_source=open.spotify.com&amp;utm_medium=open\" target=\"_blank\" rel=\"noopener\"><img loading=\"lazy\" decoding=\"async\" class=\"alignleft wp-image-2474 size-full\" src=\"http:\/\/www.idyllium.it\/idyllium\/wp-content\/uploads\/2016\/11\/spotify.jpg\" alt=\"spotify\" width=\"65\" height=\"20\" \/><\/a><\/p>\n<\/div>\n","protected":false},"excerpt":{"rendered":"<p>Il Quartetto d\u2019archi Tajj nasce nel 1997 come quartetto formato da studentesse della \u201cAcademy of Arts di Novi Sad, lavorando sotto la guida del famoso violoncellista e musicista da camera professor Istv\u00e0n Varga, divenuto il loro direttore artistico fino al 1999. Dal 1999, il Tajj lavor\u00f2 senza nessuna guida professionale,<\/p>\n","protected":false},"author":1,"featured_media":0,"parent":1995,"menu_order":0,"comment_status":"closed","ping_status":"closed","template":"","meta":{"footnotes":""},"yoast_head":"<!-- This site is optimized with the Yoast SEO plugin v23.2 - https:\/\/yoast.com\/wordpress\/plugins\/seo\/ -->\r\n<title>String Quartet Tajj - Idyllium<\/title>\r\n<meta name=\"robots\" content=\"index, follow, max-snippet:-1, max-image-preview:large, max-video-preview:-1\" \/>\r\n<link rel=\"canonical\" href=\"https:\/\/www.idyllium.it\/index.php\/artisti\/string-quartet-tajj\/\" \/>\r\n<meta property=\"og:locale\" content=\"it_IT\" \/>\r\n<meta property=\"og:type\" content=\"article\" \/>\r\n<meta property=\"og:title\" content=\"String Quartet Tajj - Idyllium\" \/>\r\n<meta property=\"og:description\" content=\"Il Quartetto d\u2019archi Tajj nasce nel 1997 come quartetto formato da studentesse della \u201cAcademy of Arts di Novi Sad, lavorando sotto la guida del famoso violoncellista e musicista da camera professor Istv\u00e0n Varga, divenuto il loro direttore artistico fino al 1999. Dal 1999, il Tajj lavor\u00f2 senza nessuna guida professionale,\" \/>\r\n<meta property=\"og:url\" content=\"https:\/\/www.idyllium.it\/index.php\/artisti\/string-quartet-tajj\/\" \/>\r\n<meta property=\"og:site_name\" content=\"Idyllium\" \/>\r\n<meta property=\"article:modified_time\" content=\"2024-01-23T20:40:48+00:00\" \/>\r\n<meta property=\"og:image\" content=\"http:\/\/www.idyllium.it\/images\/String%20Quartet%20Tajj%20web.jpg\" \/>\r\n<meta name=\"twitter:card\" content=\"summary_large_image\" \/>\r\n<meta name=\"twitter:label1\" content=\"Tempo di lettura stimato\" \/>\n\t<meta name=\"twitter:data1\" content=\"48 minuti\" \/>\r\n<script type=\"application\/ld+json\" class=\"yoast-schema-graph\">{\"@context\":\"https:\/\/schema.org\",\"@graph\":[{\"@type\":\"WebPage\",\"@id\":\"https:\/\/www.idyllium.it\/index.php\/artisti\/string-quartet-tajj\/\",\"url\":\"https:\/\/www.idyllium.it\/index.php\/artisti\/string-quartet-tajj\/\",\"name\":\"String Quartet Tajj - Idyllium\",\"isPartOf\":{\"@id\":\"https:\/\/www.idyllium.it\/#website\"},\"primaryImageOfPage\":{\"@id\":\"https:\/\/www.idyllium.it\/index.php\/artisti\/string-quartet-tajj\/#primaryimage\"},\"image\":{\"@id\":\"https:\/\/www.idyllium.it\/index.php\/artisti\/string-quartet-tajj\/#primaryimage\"},\"thumbnailUrl\":\"http:\/\/www.idyllium.it\/images\/String%20Quartet%20Tajj%20web.jpg\",\"datePublished\":\"2017-01-10T15:07:53+00:00\",\"dateModified\":\"2024-01-23T20:40:48+00:00\",\"breadcrumb\":{\"@id\":\"https:\/\/www.idyllium.it\/index.php\/artisti\/string-quartet-tajj\/#breadcrumb\"},\"inLanguage\":\"it-IT\",\"potentialAction\":[{\"@type\":\"ReadAction\",\"target\":[\"https:\/\/www.idyllium.it\/index.php\/artisti\/string-quartet-tajj\/\"]}]},{\"@type\":\"ImageObject\",\"inLanguage\":\"it-IT\",\"@id\":\"https:\/\/www.idyllium.it\/index.php\/artisti\/string-quartet-tajj\/#primaryimage\",\"url\":\"http:\/\/www.idyllium.it\/images\/String%20Quartet%20Tajj%20web.jpg\",\"contentUrl\":\"http:\/\/www.idyllium.it\/images\/String%20Quartet%20Tajj%20web.jpg\"},{\"@type\":\"BreadcrumbList\",\"@id\":\"https:\/\/www.idyllium.it\/index.php\/artisti\/string-quartet-tajj\/#breadcrumb\",\"itemListElement\":[{\"@type\":\"ListItem\",\"position\":1,\"name\":\"Home\",\"item\":\"https:\/\/www.idyllium.it\/\"},{\"@type\":\"ListItem\",\"position\":2,\"name\":\"ARTISTI\",\"item\":\"https:\/\/www.idyllium.it\/index.php\/artisti\/\"},{\"@type\":\"ListItem\",\"position\":3,\"name\":\"String Quartet Tajj\"}]},{\"@type\":\"WebSite\",\"@id\":\"https:\/\/www.idyllium.it\/#website\",\"url\":\"https:\/\/www.idyllium.it\/\",\"name\":\"Idyllium\",\"description\":\"Music Publishing\",\"potentialAction\":[{\"@type\":\"SearchAction\",\"target\":{\"@type\":\"EntryPoint\",\"urlTemplate\":\"https:\/\/www.idyllium.it\/?s={search_term_string}\"},\"query-input\":\"required name=search_term_string\"}],\"inLanguage\":\"it-IT\"}]}<\/script>\r\n<!-- \/ Yoast SEO plugin. -->","yoast_head_json":{"title":"String Quartet Tajj - Idyllium","robots":{"index":"index","follow":"follow","max-snippet":"max-snippet:-1","max-image-preview":"max-image-preview:large","max-video-preview":"max-video-preview:-1"},"canonical":"https:\/\/www.idyllium.it\/index.php\/artisti\/string-quartet-tajj\/","og_locale":"it_IT","og_type":"article","og_title":"String Quartet Tajj - Idyllium","og_description":"Il Quartetto d\u2019archi Tajj nasce nel 1997 come quartetto formato da studentesse della \u201cAcademy of Arts di Novi Sad, lavorando sotto la guida del famoso violoncellista e musicista da camera professor Istv\u00e0n Varga, divenuto il loro direttore artistico fino al 1999. Dal 1999, il Tajj lavor\u00f2 senza nessuna guida professionale,","og_url":"https:\/\/www.idyllium.it\/index.php\/artisti\/string-quartet-tajj\/","og_site_name":"Idyllium","article_modified_time":"2024-01-23T20:40:48+00:00","og_image":[{"url":"http:\/\/www.idyllium.it\/images\/String%20Quartet%20Tajj%20web.jpg"}],"twitter_card":"summary_large_image","twitter_misc":{"Tempo di lettura stimato":"48 minuti"},"schema":{"@context":"https:\/\/schema.org","@graph":[{"@type":"WebPage","@id":"https:\/\/www.idyllium.it\/index.php\/artisti\/string-quartet-tajj\/","url":"https:\/\/www.idyllium.it\/index.php\/artisti\/string-quartet-tajj\/","name":"String Quartet Tajj - Idyllium","isPartOf":{"@id":"https:\/\/www.idyllium.it\/#website"},"primaryImageOfPage":{"@id":"https:\/\/www.idyllium.it\/index.php\/artisti\/string-quartet-tajj\/#primaryimage"},"image":{"@id":"https:\/\/www.idyllium.it\/index.php\/artisti\/string-quartet-tajj\/#primaryimage"},"thumbnailUrl":"http:\/\/www.idyllium.it\/images\/String%20Quartet%20Tajj%20web.jpg","datePublished":"2017-01-10T15:07:53+00:00","dateModified":"2024-01-23T20:40:48+00:00","breadcrumb":{"@id":"https:\/\/www.idyllium.it\/index.php\/artisti\/string-quartet-tajj\/#breadcrumb"},"inLanguage":"it-IT","potentialAction":[{"@type":"ReadAction","target":["https:\/\/www.idyllium.it\/index.php\/artisti\/string-quartet-tajj\/"]}]},{"@type":"ImageObject","inLanguage":"it-IT","@id":"https:\/\/www.idyllium.it\/index.php\/artisti\/string-quartet-tajj\/#primaryimage","url":"http:\/\/www.idyllium.it\/images\/String%20Quartet%20Tajj%20web.jpg","contentUrl":"http:\/\/www.idyllium.it\/images\/String%20Quartet%20Tajj%20web.jpg"},{"@type":"BreadcrumbList","@id":"https:\/\/www.idyllium.it\/index.php\/artisti\/string-quartet-tajj\/#breadcrumb","itemListElement":[{"@type":"ListItem","position":1,"name":"Home","item":"https:\/\/www.idyllium.it\/"},{"@type":"ListItem","position":2,"name":"ARTISTI","item":"https:\/\/www.idyllium.it\/index.php\/artisti\/"},{"@type":"ListItem","position":3,"name":"String Quartet Tajj"}]},{"@type":"WebSite","@id":"https:\/\/www.idyllium.it\/#website","url":"https:\/\/www.idyllium.it\/","name":"Idyllium","description":"Music Publishing","potentialAction":[{"@type":"SearchAction","target":{"@type":"EntryPoint","urlTemplate":"https:\/\/www.idyllium.it\/?s={search_term_string}"},"query-input":"required name=search_term_string"}],"inLanguage":"it-IT"}]}},"_links":{"self":[{"href":"https:\/\/www.idyllium.it\/index.php\/wp-json\/wp\/v2\/pages\/2594"}],"collection":[{"href":"https:\/\/www.idyllium.it\/index.php\/wp-json\/wp\/v2\/pages"}],"about":[{"href":"https:\/\/www.idyllium.it\/index.php\/wp-json\/wp\/v2\/types\/page"}],"author":[{"embeddable":true,"href":"https:\/\/www.idyllium.it\/index.php\/wp-json\/wp\/v2\/users\/1"}],"replies":[{"embeddable":true,"href":"https:\/\/www.idyllium.it\/index.php\/wp-json\/wp\/v2\/comments?post=2594"}],"version-history":[{"count":1,"href":"https:\/\/www.idyllium.it\/index.php\/wp-json\/wp\/v2\/pages\/2594\/revisions"}],"predecessor-version":[{"id":28549,"href":"https:\/\/www.idyllium.it\/index.php\/wp-json\/wp\/v2\/pages\/2594\/revisions\/28549"}],"up":[{"embeddable":true,"href":"https:\/\/www.idyllium.it\/index.php\/wp-json\/wp\/v2\/pages\/1995"}],"wp:attachment":[{"href":"https:\/\/www.idyllium.it\/index.php\/wp-json\/wp\/v2\/media?parent=2594"}],"curies":[{"name":"wp","href":"https:\/\/api.w.org\/{rel}","templated":true}]}}