{"id":2529,"date":"2017-01-10T11:08:23","date_gmt":"2017-01-10T10:08:23","guid":{"rendered":"http:\/\/www.idyllium.it\/idyllium\/?page_id=2529"},"modified":"2024-01-23T21:31:45","modified_gmt":"2024-01-23T20:31:45","slug":"alberto-fortis","status":"publish","type":"page","link":"https:\/\/www.idyllium.it\/index.php\/artisti\/alberto-fortis\/","title":{"rendered":"Alberto Fortis"},"content":{"rendered":"<p style=\"text-align: justify;\"><img loading=\"lazy\" decoding=\"async\" class=\"alignleft size-medium\" src=\"http:\/\/www.idyllium.it\/images\/Alberto%20Fortis%202.jpg\" alt=\"\" width=\"180\" height=\"240\" \/>In occasione della sua trentennale carriera, \u00e8 stato pubblicato un doppio Cd live dal titolo: &#8216;ReALive&#8217; che oltre ai brani classici quali: SETTEMBRE. LA SEDIA DI LILL\u00e0, MILANO &amp; VINCENZO, IL DUOMO DI NOTTE, FRAGOLE INFINITE, raccoglie altri brani pi\u00f9 recenti.<br \/>\nSuggestiva \u00e8 la perfomance dei musicisti, che unita alla grande professionalit\u00e0 di Alberto, fanno di questo live un AUTENTICO capolavoro della MUSICA italiana.<br \/>\nCompositore e Direttore Artistico del progetto &#8220;Quasimodo Concert&#8221; Alberto, ha musicato alcune poesie del grande Salvatore Quasimodo.<br \/>\nIl Cd, prodotto da sabino Mogavero, \u00e8 stato Pubblicato dalla idyllium Music Publishing di Milano.<\/p>\n<p>&nbsp;<\/p>\n<p>&nbsp;<\/p>\n<p>&nbsp;<\/p>\n<hr \/>\n<p><img loading=\"lazy\" decoding=\"async\" class=\"alignleft\" src=\"http:\/\/www.idyllium.it\/idyllium\/wp-content\/uploads\/2016\/11\/170x170bb.jpg\" width=\"170\" height=\"170\" \/><\/p>\n<h4><strong>ReALive<\/strong><\/h4>\n<p>Download:<br \/>\n<a href=\"https:\/\/itunes.apple.com\/it\/album\/realive\/id406790611?app=itunes&amp;amp;ign-mpt=uo%3D4\" target=\"_blank\" rel=\"noopener\"><img loading=\"lazy\" decoding=\"async\" class=\"alignleft\" src=\"http:\/\/www.idyllium.it\/idyllium\/wp-content\/uploads\/2016\/11\/iTunes.png\" alt=\"itunes\" width=\"70\" height=\"20\" \/><\/a><a href=\"https:\/\/www.amazon.com\/dp\/B004FBGD1K?ie=UTF8&amp;tag=musique006-21&amp;linkCode=as2&amp;camp=1642&amp;creative=6746&amp;creativeASIN=B004FBGD1K\" target=\"_blank\" rel=\"noopener\"><img loading=\"lazy\" decoding=\"async\" class=\"alignleft\" src=\"http:\/\/www.idyllium.it\/idyllium\/wp-content\/uploads\/2016\/11\/amazon.png\" alt=\"amazon\" width=\"72\" height=\"20\" \/><\/a><a href=\"https:\/\/play.google.com\/store\/music\/album\/album?id=Bzggzrejxkpb2mjufodar7sbnhm\" target=\"_blank\" rel=\"noopener\"><img loading=\"lazy\" decoding=\"async\" class=\"alignleft\" src=\"http:\/\/www.idyllium.it\/idyllium\/wp-content\/uploads\/2016\/11\/Google-Play.png\" alt=\"google-play\" width=\"88\" height=\"20\" \/><\/a><a href=\"http:\/\/player.believe.fr\/lnkplayerV2CLASSIC\/ww\/7\/135182\/?referer=http%3A%2F%2Fwww.idyllium.it%2Falberto_fortis.htm\" target=\"_blank\" rel=\"noopener\"><img loading=\"lazy\" decoding=\"async\" class=\"alignleft\" src=\"http:\/\/www.idyllium.it\/idyllium\/wp-content\/uploads\/2016\/11\/eMusic.png\" alt=\"emusic\" width=\"68\" height=\"20\" \/><\/a><a href=\"https:\/\/it.7digital.com\/artist\/alberto-fortis\/release\/realive\" target=\"_blank\" rel=\"noopener\"><img loading=\"lazy\" decoding=\"async\" class=\"alignleft size-full wp-image-2468\" src=\"http:\/\/www.idyllium.it\/idyllium\/wp-content\/uploads\/2016\/11\/7digital.jpg\" alt=\"7digital\" width=\"63\" height=\"20\" \/><\/a><a href=\"https:\/\/listen.tidal.com\/album\/027948982\" target=\"_blank\" rel=\"noopener\"><img loading=\"lazy\" decoding=\"async\" class=\"alignleft size-medium wp-image-2475\" src=\"http:\/\/www.idyllium.it\/idyllium\/wp-content\/uploads\/2016\/11\/tidal.jpg\" alt=\"tidal\" width=\"41\" height=\"20\" \/><\/a><a href=\"http:\/\/www.deezer.com\/album\/721300\" target=\"_blank\" rel=\"noopener\"><img loading=\"lazy\" decoding=\"async\" class=\"alignleft size-medium wp-image-2470\" src=\"http:\/\/www.idyllium.it\/idyllium\/wp-content\/uploads\/2016\/11\/Deezer.png\" alt=\"deezer\" width=\"90\" height=\"20\" \/><\/a><a href=\"https:\/\/play.spotify.com\/album\/0OoUVtrhBrzsJ1winRPiKA?play=true&amp;utm_source=open.spotify.com&amp;utm_medium=open\" target=\"_blank\" rel=\"noopener\"><img loading=\"lazy\" decoding=\"async\" class=\"alignleft size-medium wp-image-2474\" src=\"http:\/\/www.idyllium.it\/idyllium\/wp-content\/uploads\/2016\/11\/spotify.jpg\" alt=\"spotify\" width=\"65\" height=\"20\" \/><\/a><\/p>\n<div style=\"float: left; width: 100%;\">\n<p><img loading=\"lazy\" decoding=\"async\" class=\"alignleft wp-image-2497\" src=\"http:\/\/www.idyllium.it\/idyllium\/wp-content\/uploads\/2016\/11\/51fmTWI1fcL._SS500-300x300.jpg\" width=\"170\" height=\"170\" srcset=\"https:\/\/www.idyllium.it\/wp-content\/uploads\/2016\/11\/51fmTWI1fcL._SS500-300x300.jpg 300w, https:\/\/www.idyllium.it\/wp-content\/uploads\/2016\/11\/51fmTWI1fcL._SS500-150x150.jpg 150w, https:\/\/www.idyllium.it\/wp-content\/uploads\/2016\/11\/51fmTWI1fcL._SS500-370x370.jpg 370w, https:\/\/www.idyllium.it\/wp-content\/uploads\/2016\/11\/51fmTWI1fcL._SS500-385x385.jpg 385w, https:\/\/www.idyllium.it\/wp-content\/uploads\/2016\/11\/51fmTWI1fcL._SS500-140x140.jpg 140w, https:\/\/www.idyllium.it\/wp-content\/uploads\/2016\/11\/51fmTWI1fcL._SS500.jpg 500w\" sizes=\"(max-width: 170px) 100vw, 170px\" \/><\/p>\n<h4><strong>Quasimodo Concert Poeticamente Cantare La Poesia<\/strong><\/h4>\n<p>Download:<br \/>\n<a href=\"https:\/\/www.amazon.com\/dp\/B001UDMO7I?ie=UTF8&amp;tag=musique006-21&amp;linkCode=as2&amp;camp=1642&amp;creative=6746&amp;creativeASIN=B001UDMO7I\" target=\"_blank\" rel=\"noopener\"><img loading=\"lazy\" decoding=\"async\" class=\"alignleft size-medium wp-image-2469\" src=\"http:\/\/www.idyllium.it\/idyllium\/wp-content\/uploads\/2016\/11\/amazon.png\" alt=\"amazon\" width=\"72\" height=\"20\" \/><\/a><a href=\"https:\/\/play.google.com\/store\/music\/album\/album?id=B2wsxl3c76lpudodifby2vkcn3e\" target=\"_blank\" rel=\"noopener\"><img loading=\"lazy\" decoding=\"async\" class=\"alignleft size-medium wp-image-2472\" src=\"http:\/\/www.idyllium.it\/idyllium\/wp-content\/uploads\/2016\/11\/Google-Play.png\" alt=\"google-play\" width=\"88\" height=\"20\" \/><\/a><a href=\"http:\/\/www.emusic.com\/album\/-\/-\/11376015\/\" target=\"_blank\" rel=\"noopener\"><img loading=\"lazy\" decoding=\"async\" class=\"alignleft size-medium wp-image-2471\" src=\"http:\/\/www.idyllium.it\/idyllium\/wp-content\/uploads\/2016\/11\/eMusic.png\" alt=\"emusic\" width=\"68\" height=\"20\" \/><\/a><a href=\"http:\/\/www.deezer.com\/album\/274539\" target=\"_blank\" rel=\"noopener\"><img loading=\"lazy\" decoding=\"async\" class=\"alignleft wp-image-2470 size-full\" src=\"http:\/\/www.idyllium.it\/idyllium\/wp-content\/uploads\/2016\/11\/Deezer.png\" alt=\"deezer\" width=\"90\" height=\"20\" \/><\/a><a href=\"https:\/\/play.spotify.com\/album\/7czUA1hqcfox49s3CUFsh7?play=true&amp;utm_source=open.spotify.com&amp;utm_medium=open\" target=\"_blank\" rel=\"noopener\"><img loading=\"lazy\" decoding=\"async\" class=\"alignleft wp-image-2474 size-full\" src=\"http:\/\/www.idyllium.it\/idyllium\/wp-content\/uploads\/2016\/11\/spotify.jpg\" alt=\"spotify\" width=\"65\" height=\"20\" \/><\/a><a href=\"http:\/\/www.starzik.com\/mp3\/produits\/Quasimodo-Concert-Poeticamente-Cantare-La-Poesia-321039.html\" target=\"_blank\" rel=\"noopener\"><img loading=\"lazy\" decoding=\"async\" class=\"alignleft size-full wp-image-2498\" src=\"http:\/\/www.idyllium.it\/idyllium\/wp-content\/uploads\/2016\/11\/starzik.jpg\" alt=\"starzik\" width=\"83\" height=\"20\" \/><\/a><\/p>\n<\/div>\n","protected":false},"excerpt":{"rendered":"<p>In occasione della sua trentennale carriera, \u00e8 stato pubblicato un doppio Cd live dal titolo: &#8216;ReALive&#8217; che oltre ai brani classici quali: SETTEMBRE. LA SEDIA DI LILL\u00e0, MILANO &amp; VINCENZO, IL DUOMO DI NOTTE, FRAGOLE INFINITE, raccoglie altri brani pi\u00f9 recenti. Suggestiva \u00e8 la perfomance dei musicisti, che unita alla<\/p>\n","protected":false},"author":1,"featured_media":0,"parent":1995,"menu_order":0,"comment_status":"closed","ping_status":"closed","template":"","meta":{"footnotes":""},"yoast_head":"<!-- This site is optimized with the Yoast SEO plugin v23.2 - https:\/\/yoast.com\/wordpress\/plugins\/seo\/ -->\r\n<title>Alberto Fortis - Idyllium<\/title>\r\n<meta name=\"robots\" content=\"index, follow, max-snippet:-1, max-image-preview:large, max-video-preview:-1\" \/>\r\n<link rel=\"canonical\" href=\"https:\/\/www.idyllium.it\/index.php\/artisti\/alberto-fortis\/\" \/>\r\n<meta property=\"og:locale\" content=\"it_IT\" \/>\r\n<meta property=\"og:type\" content=\"article\" \/>\r\n<meta property=\"og:title\" content=\"Alberto Fortis - Idyllium\" \/>\r\n<meta property=\"og:description\" content=\"In occasione della sua trentennale carriera, \u00e8 stato pubblicato un doppio Cd live dal titolo: &#8216;ReALive&#8217; che oltre ai brani classici quali: SETTEMBRE. LA SEDIA DI LILL\u00e0, MILANO &amp; VINCENZO, IL DUOMO DI NOTTE, FRAGOLE INFINITE, raccoglie altri brani pi\u00f9 recenti. Suggestiva \u00e8 la perfomance dei musicisti, che unita alla\" \/>\r\n<meta property=\"og:url\" content=\"https:\/\/www.idyllium.it\/index.php\/artisti\/alberto-fortis\/\" \/>\r\n<meta property=\"og:site_name\" content=\"Idyllium\" \/>\r\n<meta property=\"article:modified_time\" content=\"2024-01-23T20:31:45+00:00\" \/>\r\n<meta property=\"og:image\" content=\"http:\/\/www.idyllium.it\/images\/Alberto%20Fortis%202.jpg\" \/>\r\n<meta name=\"twitter:card\" content=\"summary_large_image\" \/>\r\n<meta name=\"twitter:label1\" content=\"Tempo di lettura stimato\" \/>\n\t<meta name=\"twitter:data1\" content=\"4 minuti\" \/>\r\n<script type=\"application\/ld+json\" class=\"yoast-schema-graph\">{\"@context\":\"https:\/\/schema.org\",\"@graph\":[{\"@type\":\"WebPage\",\"@id\":\"https:\/\/www.idyllium.it\/index.php\/artisti\/alberto-fortis\/\",\"url\":\"https:\/\/www.idyllium.it\/index.php\/artisti\/alberto-fortis\/\",\"name\":\"Alberto Fortis - Idyllium\",\"isPartOf\":{\"@id\":\"https:\/\/www.idyllium.it\/#website\"},\"primaryImageOfPage\":{\"@id\":\"https:\/\/www.idyllium.it\/index.php\/artisti\/alberto-fortis\/#primaryimage\"},\"image\":{\"@id\":\"https:\/\/www.idyllium.it\/index.php\/artisti\/alberto-fortis\/#primaryimage\"},\"thumbnailUrl\":\"http:\/\/www.idyllium.it\/images\/Alberto%20Fortis%202.jpg\",\"datePublished\":\"2017-01-10T10:08:23+00:00\",\"dateModified\":\"2024-01-23T20:31:45+00:00\",\"breadcrumb\":{\"@id\":\"https:\/\/www.idyllium.it\/index.php\/artisti\/alberto-fortis\/#breadcrumb\"},\"inLanguage\":\"it-IT\",\"potentialAction\":[{\"@type\":\"ReadAction\",\"target\":[\"https:\/\/www.idyllium.it\/index.php\/artisti\/alberto-fortis\/\"]}]},{\"@type\":\"ImageObject\",\"inLanguage\":\"it-IT\",\"@id\":\"https:\/\/www.idyllium.it\/index.php\/artisti\/alberto-fortis\/#primaryimage\",\"url\":\"http:\/\/www.idyllium.it\/images\/Alberto%20Fortis%202.jpg\",\"contentUrl\":\"http:\/\/www.idyllium.it\/images\/Alberto%20Fortis%202.jpg\"},{\"@type\":\"BreadcrumbList\",\"@id\":\"https:\/\/www.idyllium.it\/index.php\/artisti\/alberto-fortis\/#breadcrumb\",\"itemListElement\":[{\"@type\":\"ListItem\",\"position\":1,\"name\":\"Home\",\"item\":\"https:\/\/www.idyllium.it\/\"},{\"@type\":\"ListItem\",\"position\":2,\"name\":\"ARTISTI\",\"item\":\"https:\/\/www.idyllium.it\/index.php\/artisti\/\"},{\"@type\":\"ListItem\",\"position\":3,\"name\":\"Alberto Fortis\"}]},{\"@type\":\"WebSite\",\"@id\":\"https:\/\/www.idyllium.it\/#website\",\"url\":\"https:\/\/www.idyllium.it\/\",\"name\":\"Idyllium\",\"description\":\"Music Publishing\",\"potentialAction\":[{\"@type\":\"SearchAction\",\"target\":{\"@type\":\"EntryPoint\",\"urlTemplate\":\"https:\/\/www.idyllium.it\/?s={search_term_string}\"},\"query-input\":\"required name=search_term_string\"}],\"inLanguage\":\"it-IT\"}]}<\/script>\r\n<!-- \/ Yoast SEO plugin. -->","yoast_head_json":{"title":"Alberto Fortis - Idyllium","robots":{"index":"index","follow":"follow","max-snippet":"max-snippet:-1","max-image-preview":"max-image-preview:large","max-video-preview":"max-video-preview:-1"},"canonical":"https:\/\/www.idyllium.it\/index.php\/artisti\/alberto-fortis\/","og_locale":"it_IT","og_type":"article","og_title":"Alberto Fortis - Idyllium","og_description":"In occasione della sua trentennale carriera, \u00e8 stato pubblicato un doppio Cd live dal titolo: &#8216;ReALive&#8217; che oltre ai brani classici quali: SETTEMBRE. LA SEDIA DI LILL\u00e0, MILANO &amp; VINCENZO, IL DUOMO DI NOTTE, FRAGOLE INFINITE, raccoglie altri brani pi\u00f9 recenti. Suggestiva \u00e8 la perfomance dei musicisti, che unita alla","og_url":"https:\/\/www.idyllium.it\/index.php\/artisti\/alberto-fortis\/","og_site_name":"Idyllium","article_modified_time":"2024-01-23T20:31:45+00:00","og_image":[{"url":"http:\/\/www.idyllium.it\/images\/Alberto%20Fortis%202.jpg"}],"twitter_card":"summary_large_image","twitter_misc":{"Tempo di lettura stimato":"4 minuti"},"schema":{"@context":"https:\/\/schema.org","@graph":[{"@type":"WebPage","@id":"https:\/\/www.idyllium.it\/index.php\/artisti\/alberto-fortis\/","url":"https:\/\/www.idyllium.it\/index.php\/artisti\/alberto-fortis\/","name":"Alberto Fortis - Idyllium","isPartOf":{"@id":"https:\/\/www.idyllium.it\/#website"},"primaryImageOfPage":{"@id":"https:\/\/www.idyllium.it\/index.php\/artisti\/alberto-fortis\/#primaryimage"},"image":{"@id":"https:\/\/www.idyllium.it\/index.php\/artisti\/alberto-fortis\/#primaryimage"},"thumbnailUrl":"http:\/\/www.idyllium.it\/images\/Alberto%20Fortis%202.jpg","datePublished":"2017-01-10T10:08:23+00:00","dateModified":"2024-01-23T20:31:45+00:00","breadcrumb":{"@id":"https:\/\/www.idyllium.it\/index.php\/artisti\/alberto-fortis\/#breadcrumb"},"inLanguage":"it-IT","potentialAction":[{"@type":"ReadAction","target":["https:\/\/www.idyllium.it\/index.php\/artisti\/alberto-fortis\/"]}]},{"@type":"ImageObject","inLanguage":"it-IT","@id":"https:\/\/www.idyllium.it\/index.php\/artisti\/alberto-fortis\/#primaryimage","url":"http:\/\/www.idyllium.it\/images\/Alberto%20Fortis%202.jpg","contentUrl":"http:\/\/www.idyllium.it\/images\/Alberto%20Fortis%202.jpg"},{"@type":"BreadcrumbList","@id":"https:\/\/www.idyllium.it\/index.php\/artisti\/alberto-fortis\/#breadcrumb","itemListElement":[{"@type":"ListItem","position":1,"name":"Home","item":"https:\/\/www.idyllium.it\/"},{"@type":"ListItem","position":2,"name":"ARTISTI","item":"https:\/\/www.idyllium.it\/index.php\/artisti\/"},{"@type":"ListItem","position":3,"name":"Alberto Fortis"}]},{"@type":"WebSite","@id":"https:\/\/www.idyllium.it\/#website","url":"https:\/\/www.idyllium.it\/","name":"Idyllium","description":"Music Publishing","potentialAction":[{"@type":"SearchAction","target":{"@type":"EntryPoint","urlTemplate":"https:\/\/www.idyllium.it\/?s={search_term_string}"},"query-input":"required name=search_term_string"}],"inLanguage":"it-IT"}]}},"_links":{"self":[{"href":"https:\/\/www.idyllium.it\/index.php\/wp-json\/wp\/v2\/pages\/2529"}],"collection":[{"href":"https:\/\/www.idyllium.it\/index.php\/wp-json\/wp\/v2\/pages"}],"about":[{"href":"https:\/\/www.idyllium.it\/index.php\/wp-json\/wp\/v2\/types\/page"}],"author":[{"embeddable":true,"href":"https:\/\/www.idyllium.it\/index.php\/wp-json\/wp\/v2\/users\/1"}],"replies":[{"embeddable":true,"href":"https:\/\/www.idyllium.it\/index.php\/wp-json\/wp\/v2\/comments?post=2529"}],"version-history":[{"count":2,"href":"https:\/\/www.idyllium.it\/index.php\/wp-json\/wp\/v2\/pages\/2529\/revisions"}],"predecessor-version":[{"id":28541,"href":"https:\/\/www.idyllium.it\/index.php\/wp-json\/wp\/v2\/pages\/2529\/revisions\/28541"}],"up":[{"embeddable":true,"href":"https:\/\/www.idyllium.it\/index.php\/wp-json\/wp\/v2\/pages\/1995"}],"wp:attachment":[{"href":"https:\/\/www.idyllium.it\/index.php\/wp-json\/wp\/v2\/media?parent=2529"}],"curies":[{"name":"wp","href":"https:\/\/api.w.org\/{rel}","templated":true}]}}